{"id":7575,"date":"2025-10-14T21:43:57","date_gmt":"2025-10-14T21:43:57","guid":{"rendered":"https:\/\/stephantroesch.ch\/?page_id=7575"},"modified":"2025-12-11T08:54:07","modified_gmt":"2025-12-11T08:54:07","slug":"mittelmeermoewe","status":"publish","type":"page","link":"https:\/\/stephantroesch.ch\/index.php\/swissgulls\/mittelmeermoewe\/","title":{"rendered":"Mittelmeerm\u00f6we"},"content":{"rendered":"<div class=\"wpb-content-wrapper\"><p>[vc_row][vc_column][vc_column_text css=&#187;&#187;]<\/p>\n<pre><strong>M\u00f6wenarten<\/strong>: \u2192 <a href=\"https:\/\/stephantroesch.ch\/index.php\/swissgulls\/lachmoewe\/\">Lachm\u00f6we<\/a> \u2192 <a href=\"https:\/\/stephantroesch.ch\/index.php\/swissgulls\/sturmmoewe\/\">Sturmm\u00f6we<\/a> \u2192 <a href=\"https:\/\/stephantroesch.ch\/index.php\/swissgulls\/schwarzkopfmoewe\/\">Schwarzkopfm\u00f6we<\/a> \u2192 Mittelmeerm\u00f6we \u2192 <a href=\"https:\/\/stephantroesch.ch\/index.php\/swissgulls\/steppenmoewe\/\">Steppenm\u00f6we<\/a> \u2192 <a href=\"https:\/\/stephantroesch.ch\/index.php\/swissgulls\/silbermoewe\/\">Silberm\u00f6we<\/a> \u2192 Heringsm\u00f6we\r\n<strong>Bestimmungshilfen:<\/strong> \u2192 <a href=\"https:\/\/stephantroesch.ch\/index.php\/swissgulls\/topografie-gefieder-einer-grossmoewe\/\">Gefieder-Topografie einer Grossm\u00f6we<\/a> | Die Mauser der M\u00f6wen<\/pre>\n<p>[\/vc_column_text][\/vc_column][\/vc_row][vc_row][vc_column width=&#187;1\/2&#8243;][vc_column_text]<\/p>\n<h2><strong>Mittelmeerm\u00f6we<\/strong> Larus michahellis | Yellow-legged Gull<\/h2>\n<h3 class=\"wp-block-heading\">Status und Ph\u00e4nologie Schweiz<\/h3>\n<ul id=\"block-6ffe674f-02b1-41d7-81ad-c56e5582f708\" class=\"wp-block-list\">\n<li>Lokal br\u00fctender Jahresvogel mit 1243 \u2013 1431 Brutpaaren an 49-77 Orten, insbesondere am Neuenburgersee mit rund 80% des gesamten Brutbestands. Der erste Brutnachweis erfolgte 1968 am Fanel\/Neuenburgersee. Seither st\u00e4ndige Ausdehnung des Areals. Interessant ist die Zunahme an Dachbruten. Br\u00fctet bereits in mehreren St\u00e4dten in der Schweiz, wie Bern, Luzern oder Schaffhausen.<\/li>\n<li>regelm\u00e4ssiger, h\u00e4ufiger Durchz\u00fcgler und Wintergast<\/li>\n<li>Status Rote Liste: nicht gef\u00e4hrdet (LC)<\/li>\n<\/ul>\n<p><strong>Ph\u00e4nologie<\/strong>: Der Einzug der Sommerg\u00e4ste aus dem Mittelmeerraum am Genfersee erfolgt ab Ende Mai\/Anfang Juni. Er gipfelt in den Monaten August und September. Eine \u00e4hnliche Ph\u00e4nologie der Sommerg\u00e4ste zeigt sich auch am Bodensee. Im Oktober\/November ziehen etwa 90% der V\u00f6gel ins Mittelmeergebiet zur\u00fcck, der Rest verbringt den Winter und folgenden Fr\u00fchling bei uns.<\/p>\n<p>Angaben aus MAUMARY et al. (2007) und (KNAUS et al.(2018).[\/vc_column_text][\/vc_column][vc_column width=&#187;1\/2&#8243;][vc_single_image image=&#187;7525&#8243; img_size=&#187;full&#187; add_caption=&#187;yes&#187; onclick=&#187;link_image&#187;][\/vc_column][vc_column][vc_message message_box_style=&#187;solid-icon&#187; message_box_color=&#187;grey&#187; icon_fontawesome=&#187;fa fa-solid fa-binoculars&#187; css=&#187;&#187;]<\/p>\n<h3>Feldkennzeichen<\/h3>\n<p><strong>4 Alterskleider<\/strong>\u00a0|\u00a0<strong>H\u00e4ufigste Grossm\u00f6we in der Schweiz<\/strong>. | Schnelle Umf\u00e4rbung mit h\u00e4ufig schon grauer Oberseite ab dem 2. Winter.\u00a0<strong>Vollmauser\u00a0<\/strong>rund einen Monat fr\u00fcher als bei Silberm\u00f6we beendet (meist im Oktober).\u00a0<strong>Altv\u00f6gel w\u00e4hrend Vollmauser im Sommer\/Herbst<\/strong>\u00a0meist mit blass-gelben Beinen, seltener auch gr\u00e4ulich und pink. Schnabelf\u00e4rbung w\u00e4hrend Vollmauser ebenfalls blass-gelb[\/vc_message][vc_message message_box_color=&#187;chino&#187; css=&#187;&#187;]<strong>Allgemeiner Hinweis<\/strong><br \/>\nDie Beinfarbe ist nur bei adulten M\u00f6wen ein relativ verl\u00e4ssliches Merkmal. Bei immaturen V\u00f6geln und Adulten im Sommer bzw. in der Vollmauser sollte die Beinfarbe nicht als Indiz herangezogen werden.[\/vc_message][\/vc_column][\/vc_row][vc_row][vc_column width=&#187;1\/3&#8243;][vc_single_image image=&#187;7502&#8243; img_size=&#187;full&#187; add_caption=&#187;yes&#187; onclick=&#187;link_image&#187; css=&#187;&#187;][vc_single_image image=&#187;7908&#8243; img_size=&#187;full&#187; add_caption=&#187;yes&#187; onclick=&#187;link_image&#187; css=&#187;&#187;][\/vc_column][vc_column width=&#187;1\/3&#8243;][vc_single_image image=&#187;7909&#8243; img_size=&#187;full&#187; add_caption=&#187;yes&#187; onclick=&#187;link_image&#187; css=&#187;&#187;][vc_single_image image=&#187;7521&#8243; img_size=&#187;full&#187; add_caption=&#187;yes&#187; onclick=&#187;link_image&#187; css=&#187;&#187;][\/vc_column][vc_column width=&#187;1\/3&#8243;][vc_column_text css=&#187;&#187;]<\/p>\n<h3 class=\"wp-block-heading\">Mittelmeerm\u00f6we\u00a0<strong>adult<\/strong> (Winter)<\/h3>\n<ul class=\"wp-block-list\">\n<li>Kompakte,\u00a0<strong>kr\u00e4ftig gebaute<\/strong>\u00a0Grossm\u00f6we, etwas so gross wie Mittelmeer- und Silberm\u00f6we<\/li>\n<li><strong>grosser Kopf<\/strong>, je nach Haltung\u00a0<strong>rundlich bis eckig<\/strong>, mit\u00a0<strong>steiler Stirn<\/strong>\u00a0und eckigem Hinterkopf, das Auge meist ziemlich genau unter Scheitelpunkt liegend. Kopfform kann an Mantelm\u00f6we erinnern.<\/li>\n<li><strong>Schnabel\u00a0<\/strong>kr\u00e4ftig, eher kurz (im Vgl. zu adulte Steppenm\u00f6we) und dunkel gelb.<\/li>\n<li>Auff\u00e4llig roter Gonys am Unterschnabel, der oft bis zum Oberschnabel reicht.<\/li>\n<li><strong>Schnabelspitze\u00a0<\/strong>stark gebogen (bei Steppenm\u00f6we flacher Winkel).<\/li>\n<li><strong>Beine\u00a0<\/strong>dick und kr\u00e4ftig gelb, in der L\u00e4nge zwischen Silberm\u00f6we (k\u00fcrzer) und Steppenm\u00f6we (l\u00e4nger, d\u00fcnner).<\/li>\n<li><strong>Handschwingen<\/strong>: Recht dunkler (schwarzer) Handfl\u00fcgel ohne deutlich ins Schwarz laufende \u201egraue Zungen\u201c.<\/li>\n<li><strong>HS10<\/strong>\u00a0weiss mit deutlich\u00a0<strong>schwarzem Subterminalband<\/strong>\u00a0(es gibt selten auch solche ohne Band oder solche mit wenigen dunklen Markierungen).<\/li>\n<li><strong>HS5<\/strong>\u00a0weiss mit schwarzem Subterminalband (wie Steppenm\u00f6we).<\/li>\n<\/ul>\n<p>[\/vc_column_text][vc_message message_box_color=&#187;chino&#187; css=&#187;&#187;]<strong>Kopfstrichelungen:<br \/>\nMittelmeerm\u00f6we vs. Silberm\u00f6we<\/strong><\/p>\n<p>Mittelmeerm\u00f6wen k\u00f6nnen auch starke Kopfstrichelungen haben, v. a. im August und Herbst, manchmal bis in den Dezember. Sehr oft wird dies als Merkmal f\u00fcr die \u2192 Silberm\u00f6we herangezogen, die durchschnittlich mehr Strichelungen aufweist als die Mittelmeerm\u00f6we.[\/vc_message][\/vc_column][vc_column][vc_separator css=&#187;&#187;][\/vc_column][\/vc_row][vc_row][vc_column width=&#187;1\/3&#8243;][vc_single_image image=&#187;7477&#8243; img_size=&#187;full&#187; add_caption=&#187;yes&#187; onclick=&#187;link_image&#187; css=&#187;&#187;][\/vc_column][vc_column width=&#187;1\/3&#8243;][vc_single_image image=&#187;8219&#8243; img_size=&#187;full&#187; add_caption=&#187;yes&#187; onclick=&#187;link_image&#187; css=&#187;&#187;][\/vc_column][vc_column width=&#187;1\/3&#8243;][vc_column_text css=&#187;&#187;]<\/p>\n<h3 class=\"wp-block-heading\">Mittelmeerm\u00f6we\u00a0<strong>1. Winter<\/strong> (September \u2013 Mai)<\/h3>\n<ul class=\"wp-block-list\">\n<li><strong>Oktober\/November<\/strong>\u00a0\u2014 Individuen in diesem Zeitraum haben die Postjuvenilmauser mehrheitlich abgeschlossen.<\/li>\n<li>Alle Schulterfedern sind gewechselt. Sie sind in der Basis grau gef\u00e4rbt mit dunklen Subterminalb\u00e4ndern und dunklen, meist rhombusf\u00f6rmigen Markierungen im Zentrum. Diese Federn unterscheiden sich deutlich von den braunen, mit hellen R\u00e4ndern versehenen Armdecken, welche noch vom Jugendkleid stammen.<\/li>\n<li>Nach dem\u00a0<strong>Abschluss der Postjuvenilmauser<\/strong>, also im frischen Gefiederkleid, haben Mittelmeerm\u00f6wen oft einen st\u00e4rker (dunkler) gestrichelten Kopf und Brustbereich als im abgenutzten Gefieder des Jugendkleides.<\/li>\n<li>In einer Gruppe Mittelmeerm\u00f6wen im Oktober sieht man oft grosse Unterschiede in der F\u00e4rbung des Kopfes als Ausdruck verschiedener Stadien der Mauser sowie des Abnutzungsgrades. Es sind also nicht einfach andere Arten.<\/li>\n<li>Schnabel noch\u00a0<strong>ganz schwarz<\/strong><\/li>\n<li>Vermauserte\u00a0<strong>Schulterfedern\u00a0<\/strong>mit dunklem \u201eAnkermuster\u201c und dunklen \u201eRhomben\u201c im Zentrum.<\/li>\n<li><strong>Kopf variabel<\/strong>, von weiss\/weisslich bis braun\/br\u00e4unlich<\/li>\n<li>unterschiedlich ausgedehnte\u00a0<strong>dunkle Maske\u00a0<\/strong>um das Auge<\/li>\n<li>heller B\u00fcrzel mit klar abgegrenzter schwarzer Endbinde<\/li>\n<li><strong>dunkle Unterfl\u00fcgel<\/strong>\/Achseln (Vgl. Steppenm\u00f6we 1. Winter: helle Unterfl\u00fcgel und Achseln)<\/li>\n<\/ul>\n<p>[\/vc_column_text][\/vc_column][\/vc_row][vc_row][vc_column][vc_separator css=&#187;&#187;][\/vc_column][\/vc_row][vc_row][vc_column width=&#187;1\/3&#8243;][vc_single_image image=&#187;7797&#8243; img_size=&#187;large&#187; add_caption=&#187;yes&#187; onclick=&#187;link_image&#187; css=&#187;&#187;][\/vc_column][vc_column width=&#187;1\/3&#8243;][vc_single_image image=&#187;7794&#8243; img_size=&#187;full&#187; add_caption=&#187;yes&#187; onclick=&#187;link_image&#187; css=&#187;&#187;][\/vc_column][vc_column width=&#187;1\/3&#8243;][vc_column_text css=&#187;&#187;]<\/p>\n<h3 class=\"wp-block-heading\">Mittelmeerm\u00f6we\u00a0<strong>2. Winter<\/strong> (August \u2013 Mai)<\/h3>\n<ul class=\"wp-block-list\">\n<li><strong>September 2. KJ<\/strong>: Die Vollmauser ist im September mehr oder weniger abgeschlossen. Die (grossen, mittleren und kleinen) Armdecken sind vollst\u00e4ndig vorhanden, ebenso die Schulterfedern . Solche V\u00f6gel im Herbst des 2.KJ k\u00f6nnen sehr \u00e4hnlich wie V\u00f6gel im Herbst des 1.KJ aussehen. Die Unterschiede sind:<br \/>\n\u2014 schw\u00e4rzere HS im 2. KJ (bei Mittelmeerm\u00f6we nicht so auff\u00e4llig wie bei Silberm\u00f6we)<br \/>\n\u2014 erste graue Federn in den Schultern (z. T. auch ausgedehnter), was bei einem Vogel im 1. KJ nie zu sehen ist.<br \/>\n\u2014 die Spitzen der HS sind st\u00e4rker abgerundet. V\u00f6gel im 1. KJ haben spitze HS-Spitzen.<br \/>\n\u2014 aufgehellte Iris im 2.KJ, bei V\u00f6gel im 1. KJ ganz schwarz.<br \/>\n\u2014 weniger deutlich klare Mausergrenzen, wie bei V\u00f6gel im 1. KJ<\/li>\n<li><strong>Dezember \u2014 April<\/strong>:\u00a0<strong>Schnabel\u00a0<\/strong>bei vielen Individuen schon recht gelblich.\u00a0<strong>Grauer Sattel<\/strong>\u00a0mit den frisch vermauserten Federn steht im Kontrast zu den noch braunen Fl\u00fcgeln. Dadurch sehen Individuen im 2. Winter ganz anders aus als solche im 1. Winter.<\/li>\n<li><strong>Dezember \u2014 April<\/strong>:\u00a0<strong>Unterfl\u00fcgel hell<\/strong>, aber noch mit vielen dunklen Markierungen.\u00a0<strong>Kopf hell<\/strong>\u00a0(weiss), oft noch mit einer dunklen Maske um das Auge.\u00a0<strong>HS10 noch ohne hellen Apikalfleck<\/strong>\u00a0(vgl. Steppenm\u00f6we 2. Winter)<\/li>\n<\/ul>\n<p>[\/vc_column_text][\/vc_column][\/vc_row][vc_row][vc_column][vc_separator css=&#187;&#187;][\/vc_column][\/vc_row][vc_row][vc_column width=&#187;1\/3&#8243;][\/vc_column][vc_column width=&#187;1\/3&#8243;][\/vc_column][vc_column width=&#187;1\/3&#8243;][vc_column_text css=&#187;&#187;]<\/p>\n<h3 class=\"wp-block-heading\">Mittelmeerm\u00f6we\u00a0<strong>2. Sommer\u00a0<\/strong>(Mai \u2013 August) | 3.KJ<\/h3>\n<ul class=\"wp-block-list\">\n<li><strong>Juni:<\/strong>\u00a0Mit grauen Schulter- und Mantelfedern.<\/li>\n<li><strong>Juni:<\/strong>\u00a0Decken und Schirmfedern haben noch dunkle (braune) Markierungen und sind abgenutzt, da sie noch aus dem Winter stammen und im Fr\u00fchling nicht gewechselt werden.<\/li>\n<li><strong>August:<\/strong>\u00a02. Vollmauser noch im Gang. V\u00f6gel zeigen Aspekte im Fl\u00fcgel, die schon stark an einen Altvogel erinnern, mit einem fast einheitlichen Grau und sehr wenig braunen Markierungen im Fl\u00fcgel (dunkle Schaftstriche auf Schirmfedern und Armdecken).<\/li>\n<li><strong>August:<\/strong>\u00a0Unbefiederte K\u00f6rperteile (Schnabel, Beine) k\u00f6nnen auch noch wenig Gelb zeigen. Allgemein zeigen V\u00f6gel im Herbst verst\u00e4rkt fleischfarbene Beine als V\u00f6gel im Fr\u00fchjahr des 3. KJ. Das heisst: V\u00f6gel, die im Fr\u00fchjahr gelbe Schn\u00e4bel und Beine entwickeln, verlieren diese F\u00e4rbung im Verlaufe des Sommers wieder. Dies gilt es beim heranziehen der F\u00e4rbung von unbefiederten K\u00f6rperteilen unbedingt zu beachten.<\/li>\n<li>Im\u00a0<strong>September\u00a0<\/strong>des 3.KJ. kann die Vollmauser noch nicht abgeschlossen sein (mit z. B. fehlenden, bzw. wachsenden \u00e4usseren HS). Im Vergleich zu einem Jahr j\u00fcngeren Vogel (Herbst, 2. KJ) haben diese Individuen bereits deutliche weisse HS-Spitzen. Diese sind allerdings noch nicht so gross wie bei Altv\u00f6geln.<\/li>\n<\/ul>\n<p>[\/vc_column_text][\/vc_column][\/vc_row][vc_row][vc_column][vc_separator css=&#187;&#187;][\/vc_column][\/vc_row][vc_row][vc_column width=&#187;1\/3&#8243;][vc_single_image image=&#187;8220&#8243; img_size=&#187;full&#187; add_caption=&#187;yes&#187; onclick=&#187;link_image&#187; css=&#187;&#187;][\/vc_column][vc_column width=&#187;1\/3&#8243;][vc_single_image image=&#187;8221&#8243; img_size=&#187;full&#187; add_caption=&#187;yes&#187; onclick=&#187;link_image&#187; css=&#187;&#187;][\/vc_column][vc_column width=&#187;1\/3&#8243;][vc_column_text css=&#187;&#187;]<\/p>\n<h3 class=\"wp-block-heading\">Mittelmeerm\u00f6we\u00a0<strong>3. Winter\u00a0<\/strong>(August \u2013 April) und\u00a0<strong>3. Sommer<\/strong> (April \u2013 August)<\/h3>\n<ul class=\"wp-block-list\">\n<li><strong>Dezember\/Januar 3. Winter<\/strong>\u00a0\u2014 Vollmauser abgeschlossen. Fl\u00fcgelspitzen sind jetzt wieder normal lang. Es k\u00f6nnen noch dunkle Markierungen in den Schirmfedern zu sehen sein und einzelne braune Markierungen in den Armdecken. Spitzenflecke sind gegen\u00fcber eines Altvogels viel kleiner. Beinfarbe gelblich (bei V\u00f6gel im Januar noch deutlicher). Handdecken noch schwarz, bei einem Altvogel grau (analog Sturmm\u00f6we, zeitverschoben im 2. Winter).<\/li>\n<li><strong>Juni 3. Sommer \/ 4.KJ<\/strong>. \u2014 Bei einem fliegenden Vogel sind die schwarzen Handdecken zu sehen. V\u00f6gel im 3. Winter \/ 3. Sommer haben\u00a0 kaum noch schwarz im Schwanz, evtl. noch einzelne Federn mit dunklen Sch\u00e4ften. Die V\u00f6gel stehen jetzt schon in der dritten Vollmauser, die ins 4. Winterkleid f\u00fchrt. Jetzt k\u00f6nnen V\u00f6gel mit fehlenden inneren HS gesehen werden.<\/li>\n<\/ul>\n<p>[\/vc_column_text][\/vc_column][\/vc_row][vc_row][vc_column][vc_separator css=&#187;&#187;][\/vc_column][\/vc_row][vc_row][vc_column width=&#187;1\/3&#8243;][\/vc_column][vc_column width=&#187;1\/3&#8243;][\/vc_column][vc_column width=&#187;1\/3&#8243;][vc_column_text css=&#187;&#187;]<\/p>\n<h3 class=\"wp-block-heading\">Mittelmeerm\u00f6we\u00a0<strong>4. Winter<\/strong><\/h3>\n<ul class=\"wp-block-list\">\n<li><strong>November\/Januar<\/strong>\u00a0\u2014 Die Vollmauser ist im Herbst (4. KJ) abgeschlossen und die V\u00f6gel sind dann adult. Sie haben gr\u00f6ssere weisse Flecken auf den Handschwingen und haben keine dunklen Markierungen auf den Decken und Schirmfedern mehr.<\/li>\n<li><strong>November\/Januar<\/strong>\u00a0\u2014 V\u00f6gel im November k\u00f6nnen Strichelungen am Kopf haben. Dies ist kein Merkmal eines immaturen oder adulten Vogels, sondern eine Auspr\u00e4gung im Herbst, wie sie bei allen Grossm\u00f6wen sichtbar ist. Diese Strichelung geht im Laufe des Sp\u00e4therbstes\/Winter wieder verloren.<\/li>\n<\/ul>\n<p>[\/vc_column_text][\/vc_column][\/vc_row][vc_row][vc_column][vc_column_text css=&#187;&#187;]<\/p>\n<pre>Teste Deine M\u00f6wenkenntnisse: \u2192 <a href=\"https:\/\/stephantroesch.ch\/index.php\/swissgulls\/test-und-uebungen-moewenbestimmung\/\">Test und \u00dcbungen M\u00f6wenkenntnisse<\/a><\/pre>\n<p>[\/vc_column_text][\/vc_column][\/vc_row]<\/p>\n<\/div>","protected":false},"excerpt":{"rendered":"<p>[vc_row][vc_column][vc_column_text css=&#187;&#187;] M\u00f6wenarten: \u2192 Lachm\u00f6we \u2192 Sturmm\u00f6we \u2192 Schwarzkopfm\u00f6we \u2192 Mittelmeerm\u00f6we \u2192 Steppenm\u00f6we \u2192 Silberm\u00f6we \u2192 Heringsm\u00f6we Bestimmungshilfen: \u2192 Gefieder-Topografie einer Grossm\u00f6we | Die Mauser der M\u00f6wen [\/vc_column_text][\/vc_column][\/vc_row][vc_row][vc_column width=&#187;1\/2&#8243;][vc_column_text] Mittelmeerm\u00f6we Larus michahellis | Yellow-legged Gull Status und Ph\u00e4nologie Schweiz Lokal br\u00fctender Jahresvogel mit 1243 \u2013 1431 Brutpaaren an 49-77 Orten, insbesondere am Neuenburgersee mit rund&hellip;<\/p>\n","protected":false},"author":1,"featured_media":7525,"parent":7412,"menu_order":0,"comment_status":"closed","ping_status":"closed","template":"","meta":{"_acf_changed":false,"footnotes":""},"class_list":["post-7575","page","type-page","status-publish","has-post-thumbnail","hentry"],"acf":[],"_links":{"self":[{"href":"https:\/\/stephantroesch.ch\/index.php\/wp-json\/wp\/v2\/pages\/7575","targetHints":{"allow":["GET"]}}],"collection":[{"href":"https:\/\/stephantroesch.ch\/index.php\/wp-json\/wp\/v2\/pages"}],"about":[{"href":"https:\/\/stephantroesch.ch\/index.php\/wp-json\/wp\/v2\/types\/page"}],"author":[{"embeddable":true,"href":"https:\/\/stephantroesch.ch\/index.php\/wp-json\/wp\/v2\/users\/1"}],"replies":[{"embeddable":true,"href":"https:\/\/stephantroesch.ch\/index.php\/wp-json\/wp\/v2\/comments?post=7575"}],"version-history":[{"count":34,"href":"https:\/\/stephantroesch.ch\/index.php\/wp-json\/wp\/v2\/pages\/7575\/revisions"}],"predecessor-version":[{"id":8222,"href":"https:\/\/stephantroesch.ch\/index.php\/wp-json\/wp\/v2\/pages\/7575\/revisions\/8222"}],"up":[{"embeddable":true,"href":"https:\/\/stephantroesch.ch\/index.php\/wp-json\/wp\/v2\/pages\/7412"}],"wp:featuredmedia":[{"embeddable":true,"href":"https:\/\/stephantroesch.ch\/index.php\/wp-json\/wp\/v2\/media\/7525"}],"wp:attachment":[{"href":"https:\/\/stephantroesch.ch\/index.php\/wp-json\/wp\/v2\/media?parent=7575"}],"curies":[{"name":"wp","href":"https:\/\/api.w.org\/{rel}","templated":true}]}}