{"id":7701,"date":"2025-11-26T20:27:46","date_gmt":"2025-11-26T20:27:46","guid":{"rendered":"https:\/\/stephantroesch.ch\/?page_id=7701"},"modified":"2025-12-11T08:11:19","modified_gmt":"2025-12-11T08:11:19","slug":"lachmoewe","status":"publish","type":"page","link":"https:\/\/stephantroesch.ch\/index.php\/swissgulls\/lachmoewe\/","title":{"rendered":"Lachm\u00f6we"},"content":{"rendered":"<div class=\"wpb-content-wrapper\"><p>[vc_row][vc_column][vc_column_text css=&#187;&#187;]<\/p>\n<pre><strong>M\u00f6wenarten<\/strong>: \u2192 Lachm\u00f6we \u2192 <a href=\"https:\/\/stephantroesch.ch\/index.php\/swissgulls\/sturmmoewe\/\">Sturmm\u00f6we<\/a> \u2192 <a href=\"https:\/\/stephantroesch.ch\/index.php\/swissgulls\/schwarzkopfmoewe\/\">Schwarzkopfm\u00f6we<\/a> \u2192 <a href=\"https:\/\/stephantroesch.ch\/index.php\/swissgulls\/mittelmeermoewe\/\">Mittelmeerm\u00f6we<\/a> \u2192 <a href=\"https:\/\/stephantroesch.ch\/index.php\/swissgulls\/steppenmoewe\/\">Steppenm\u00f6we<\/a> \u2192 <a href=\"https:\/\/stephantroesch.ch\/index.php\/swissgulls\/silbermoewe\/\">Silberm\u00f6we<\/a> \u2192 Heringsm\u00f6we\r\n<strong>Bestimmungshilfen:<\/strong> \u2192 <a href=\"https:\/\/stephantroesch.ch\/index.php\/swissgulls\/topografie-gefieder-einer-grossmoewe\/\">Gefieder-Topografie einer Grossm\u00f6we<\/a> | Die Mauser der M\u00f6wen<\/pre>\n<p>[\/vc_column_text][\/vc_column][\/vc_row][vc_row][vc_column width=&#187;1\/2&#8243;][vc_column_text css=&#187;&#187;]<\/p>\n<h2><strong>Lachm\u00f6we<\/strong> Chroicocephalus ridibundus | Black-headed Gull<\/h2>\n<h3 class=\"wp-block-heading\">Status und Ph\u00e4nologie Schweiz<\/h3>\n<ul id=\"block-6ffe674f-02b1-41d7-81ad-c56e5582f708\" class=\"wp-block-list\">\n<li>Lokal br\u00fctender Jahresvogel mit 560-800 Brutpaaren<\/li>\n<li>regelm\u00e4ssiger, h\u00e4ufiger Durchz\u00fcgler und Wintergast<\/li>\n<li>Status Rote Liste: stark gef\u00e4hrdet (EN)<\/li>\n<li>Wintergast<\/li>\n<\/ul>\n<p><strong>Ph\u00e4nologie<\/strong>:<\/p>\n<p><strong>Herbstzug<\/strong>: Ab der zweiten Junidekade erscheinen Alt- und Jungv\u00f6gel abseits der Brutgebiete. Durchz\u00fcgler k\u00f6nnen zu dieser Zeit auch im Jura und in den Alpen auftreten. Einzug und Durchzug nehmen im Juli und August zu (v.a. V\u00f6gel der Alpenvorlandpopulation) und \u00fcberlagern sich mit der Ankunft von Lachm\u00f6wen aus dem Ostseeraum. Diese erscheinen gegen Ende November, bei Kaltlufteinbr\u00fcchen teilweise erst im Dezember oder Januar. Gleichzeitig vollzieht sich langsam der Abzug eines Teils der einheimischen Population, wobei besonders die Jungv\u00f6gel wegziehen.<\/p>\n<p><strong>Fr\u00fchjahrszug:<\/strong>\u00a0Der Abzug der Winterg\u00e4ste und der Fr\u00fchjahrszug beginnen gegen Mitte Februar, gipfeln im M\u00e4rz und April und Enden Anfang Mai. Die im Mittelmeergebiet \u00fcberwinternden V\u00f6gel sind an ihrer zart rosafarbenen Unterseite erkennbar. Diese F\u00e4rbung stammt wahrscheinlich vom Karotin maritimer Krebstiere, das beim Einfetten des Gefieders mit B\u00fcrzeldr\u00fcsensekret durch den Schnabel verteilt wird. Ab der zweiten M\u00e4rzh\u00e4lfte besetzen die ersten Lachm\u00f6we die Brutpl\u00e4tze. Die eigentliche Besetzung der Kolonien f\u00e4llt meist in den April. Trupps \u00fcberwiegend immaturer Lachm\u00f6wen halten sich w\u00e4hrend der Brutzeit im Mai und Juni in der engeren Umgebung der Kolonien auf, aber auch ausserhalb der Brutgebiete.<\/p>\n<p>Angaben aus MAUMARY et al. (2007) und (KNAUS et al.(2018).[\/vc_column_text][\/vc_column][vc_column width=&#187;1\/2&#8243;][vc_single_image image=&#187;7764&#8243; img_size=&#187;large&#187; add_caption=&#187;yes&#187; onclick=&#187;link_image&#187; css=&#187;&#187;][\/vc_column][vc_column][vc_message message_box_style=&#187;solid-icon&#187; message_box_color=&#187;grey&#187; icon_fontawesome=&#187;fa fa-solid fa-binoculars&#187; css=&#187;&#187;]<\/p>\n<h3>Feldkennzeichen<\/h3>\n<p><strong>2 Alterskleider<\/strong>\u00a0| Weisser Keil im Fl\u00fcgelvorderrand auff\u00e4llig in allen Alterskleidern; hat auch die \u2192 D\u00fcnnschnabelm\u00f6we und amerikanische \u2192 Bonapartem\u00f6we[\/vc_message][\/vc_column][\/vc_row][vc_row][vc_column width=&#187;1\/3&#8243;][vc_single_image image=&#187;7461&#8243; img_size=&#187;full&#187; add_caption=&#187;yes&#187; onclick=&#187;link_image&#187; css=&#187;&#187;][vc_single_image image=&#187;5219&#8243; img_size=&#187;full&#187; add_caption=&#187;yes&#187; onclick=&#187;link_image&#187; css=&#187;&#187;][vc_single_image image=&#187;7462&#8243; img_size=&#187;full&#187; add_caption=&#187;yes&#187; onclick=&#187;link_image&#187; css=&#187;&#187;][\/vc_column][vc_column width=&#187;1\/3&#8243;][vc_single_image image=&#187;7453&#8243; img_size=&#187;full&#187; add_caption=&#187;yes&#187; onclick=&#187;link_image&#187; css=&#187;&#187;][vc_single_image image=&#187;7478&#8243; img_size=&#187;full&#187; add_caption=&#187;yes&#187; onclick=&#187;link_image&#187; css=&#187;&#187;][vc_single_image image=&#187;7508&#8243; img_size=&#187;full&#187; add_caption=&#187;yes&#187; onclick=&#187;link_image&#187; css=&#187;&#187;][\/vc_column][vc_column width=&#187;1\/3&#8243;][vc_column_text css=&#187;&#187;]<\/p>\n<h3 class=\"wp-block-heading\">Lachm\u00f6we\u00a0<strong>adult, Winterkleid<\/strong><\/h3>\n<ul class=\"wp-block-list\">\n<li>Grauer R\u00fccken, Mantel und Fl\u00fcgel<\/li>\n<li>weisser Bauch, der manchmal rosa gef\u00e4rbt sein kann<\/li>\n<li>weisser, runder Kopf mit auff\u00e4lligem dunklen \u201eOhrfleck\u201c<\/li>\n<li>dunkles Auge, das mit mehr oder weniger verwaschen dunkler Markierung umgeben ist.<\/li>\n<li>kurzer, d\u00fcnner und dunkelroter Schnabel mit schwarzer Spitze<\/li>\n<li>schwarze Fl\u00fcgelenden ohne weisse Apikalflecke (vgl. Sturmm\u00f6we, Grossm\u00f6wen)<\/li>\n<li>Beine dunkelrot (wie Schnabel)<\/li>\n<li>Weisser Keil am Fl\u00fcgelvorderrand (sichtbar bei offenem Fl\u00fcgel, bzw. im Flug). Ein sehr gutes Merkmal, das in allen Alterskleidern zu sehen ist.<\/li>\n<li>Schwanz ganz weiss (die schwarze Endbinde ist nur im Jugendkleid und im 1. Winterkleid vorhanden).<\/li>\n<\/ul>\n<p>[\/vc_column_text][vc_message message_box_color=&#187;chino&#187; css=&#187;&#187;]<strong>Allgemeiner Hinweis<\/strong><br \/>\nDie Lachm\u00f6we ist die h\u00e4ufigste M\u00f6wenart der Schweiz und am Bodensee. Sie kommt an Seen und Fl\u00fcssen vor. Sie ist mit der Sturmm\u00f6we zusammen die Referenzart, die bestimmungstechnisch \u201ebeherrscht\u201c werden sollte, um mit Sicherheit die Grossm\u00f6wen bestimmen zu k\u00f6nnen.[\/vc_message][\/vc_column][\/vc_row][vc_row][vc_column][vc_separator css=&#187;&#187;][\/vc_column][\/vc_row][vc_row][vc_column width=&#187;1\/3&#8243;][\/vc_column][vc_column width=&#187;1\/3&#8243;][vc_single_image image=&#187;7485&#8243; img_size=&#187;full&#187; add_caption=&#187;yes&#187; onclick=&#187;link_image&#187; css=&#187;&#187;][\/vc_column][vc_column width=&#187;1\/3&#8243;][vc_column_text css=&#187;&#187;]<\/p>\n<h3 class=\"wp-block-heading\">Lachm\u00f6we\u00a0<strong>adult, Sommerkleid<\/strong><\/h3>\n<ul class=\"wp-block-list\">\n<li>Sommerkleid = Prachtkleid<\/li>\n<li>Braune Kopfkappe, die bis zum Hinterkopf reicht<\/li>\n<li>\u00fcbriges Gefieder grau und weiss<\/li>\n<li>rote Beine<\/li>\n<li>Weisser Keil im Fl\u00fcgelvorderrand (ist in allen Alterskleidern auff\u00e4llig und von weitem sichtbar)<\/li>\n<\/ul>\n<p>[\/vc_column_text][vc_message message_box_color=&#187;chino&#187; css=&#187;&#187;]Die \u2192\u00a0<a href=\"http:\/\/Schwarzkopf\"><strong>Schwarzkopfm\u00f6we<\/strong><\/a>\u00a0hat im Prachtkleid eine tiefschwarze Kapuze, die wie \u00fcber den Kopf gest\u00fclpt wirkt. Der Rand geht bis zum Hals und nicht wie bei der braunen Kappe der Lachm\u00f6we bis zum Hinterkopf.[\/vc_message][\/vc_column][\/vc_row][vc_row][vc_column][vc_separator css=&#187;&#187;][\/vc_column][\/vc_row][vc_row][vc_column width=&#187;1\/3&#8243;][vc_single_image image=&#187;7500&#8243; img_size=&#187;full&#187; add_caption=&#187;yes&#187; onclick=&#187;link_image&#187; css=&#187;&#187;][vc_single_image image=&#187;7511&#8243; img_size=&#187;full&#187; add_caption=&#187;yes&#187; onclick=&#187;link_image&#187; css=&#187;&#187;][\/vc_column][vc_column width=&#187;1\/3&#8243;][vc_single_image image=&#187;7476&#8243; img_size=&#187;large&#187; add_caption=&#187;yes&#187; onclick=&#187;link_image&#187; css=&#187;&#187;][vc_single_image image=&#187;7486&#8243; img_size=&#187;full&#187; add_caption=&#187;yes&#187; onclick=&#187;link_image&#187; css=&#187;&#187;][\/vc_column][vc_column width=&#187;1\/3&#8243;][vc_column_text css=&#187;&#187;]<\/p>\n<h3 class=\"wp-block-heading\">Lachm\u00f6we,\u00a0<strong>1. Winterkleid<\/strong><\/h3>\n<ul class=\"wp-block-list\">\n<li>Die Schulterfedern sind durch die Jugendmauser (September\/Oktober) vermausert und grau.<\/li>\n<li>Auff\u00e4llig sind die braunen Armdecken, die sich kontrastreich vom sonst schon typischen adulten Winterkleid abheben.<\/li>\n<li>Schnabel und Beine sind in der F\u00e4rbung noch \u201ejugendlich\u201c, d.h. orange-gelb, gegen\u00fcber dunkelrot bei Adulten.<\/li>\n<li>Der bei adulten im Winterkleid typische dunkle \u201eOhrfleck\u201c hinter dem Auge ist auch beim Vogel im 1. Winterkleid vorhanden.<\/li>\n<li>Schwarze Schwanzendbinde<\/li>\n<\/ul>\n<p>[\/vc_column_text][\/vc_column][\/vc_row][vc_row][vc_column][vc_separator css=&#187;&#187;][\/vc_column][\/vc_row][vc_row][vc_column width=&#187;1\/3&#8243;][vc_single_image image=&#187;7483&#8243; img_size=&#187;large&#187; add_caption=&#187;yes&#187; onclick=&#187;link_image&#187; css=&#187;&#187;][\/vc_column][vc_column width=&#187;1\/3&#8243;][vc_single_image image=&#187;7484&#8243; img_size=&#187;large&#187; add_caption=&#187;yes&#187; onclick=&#187;link_image&#187; css=&#187;&#187;][\/vc_column][vc_column width=&#187;1\/3&#8243;][vc_column_text css=&#187;&#187;]<\/p>\n<h3 class=\"wp-block-heading\">Lachm\u00f6we\u00a0<strong>juvenil, Jugendkleid<\/strong><\/h3>\n<ul class=\"wp-block-list\">\n<li>Oberseite, Fl\u00fcgel und Kopf warm hellbraun<\/li>\n<li>Weisser Keil am Fl\u00fcgelvorderrand bereits sichtbar (wie in allen anderen folgenden Alterskleidern auch)<\/li>\n<li>Schwarze Schwanzendbinde<\/li>\n<li>Schnabel gelb-orange mit dunkler Spitze<\/li>\n<li>Beine gelb-orange<\/li>\n<\/ul>\n<p>[\/vc_column_text][\/vc_column][\/vc_row][vc_row][vc_column][vc_separator][\/vc_column][\/vc_row][vc_row][vc_column width=&#187;2\/3&#8243;]\r\n\t\t<div\r\n\t\t\tclass=\"twentytwenty-container wb_vc_baic_container\"\r\n\t\t\tid=\"wb_before_after_1_1777526528\"\r\n\t\t\tdata-before-text = \"Before\"\r\n\t\t\tdata-after-text = \"After\"\r\n\t\t>\r\n\t\t\t<img loading=\"lazy\" decoding=\"async\" width=\"945\" height=\"532\" src=\"https:\/\/stephantroesch.ch\/wp-content\/uploads\/2025\/10\/2021-12-17_142417_AVE_0213_X1600.jpg\" class=\"attachment-large size-large\" alt=\"\" srcset=\"https:\/\/stephantroesch.ch\/wp-content\/uploads\/2025\/10\/2021-12-17_142417_AVE_0213_X1600.jpg 1600w, https:\/\/stephantroesch.ch\/wp-content\/uploads\/2025\/10\/2021-12-17_142417_AVE_0213_X1600-900x506.jpg 900w, https:\/\/stephantroesch.ch\/wp-content\/uploads\/2025\/10\/2021-12-17_142417_AVE_0213_X1600-768x432.jpg 768w, https:\/\/stephantroesch.ch\/wp-content\/uploads\/2025\/10\/2021-12-17_142417_AVE_0213_X1600-1536x864.jpg 1536w, https:\/\/stephantroesch.ch\/wp-content\/uploads\/2025\/10\/2021-12-17_142417_AVE_0213_X1600-1116x628.jpg 1116w, https:\/\/stephantroesch.ch\/wp-content\/uploads\/2025\/10\/2021-12-17_142417_AVE_0213_X1600-806x453.jpg 806w, https:\/\/stephantroesch.ch\/wp-content\/uploads\/2025\/10\/2021-12-17_142417_AVE_0213_X1600-558x314.jpg 558w, https:\/\/stephantroesch.ch\/wp-content\/uploads\/2025\/10\/2021-12-17_142417_AVE_0213_X1600-655x368.jpg 655w\" sizes=\"auto, (max-width: 945px) 100vw, 945px\" \/>\t\t\t<img loading=\"lazy\" decoding=\"async\" width=\"945\" height=\"532\" src=\"https:\/\/stephantroesch.ch\/wp-content\/uploads\/2024\/12\/2023-01-08_144732_0107_X1600.jpg\" class=\"attachment-large size-large\" alt=\"\" srcset=\"https:\/\/stephantroesch.ch\/wp-content\/uploads\/2024\/12\/2023-01-08_144732_0107_X1600.jpg 1600w, https:\/\/stephantroesch.ch\/wp-content\/uploads\/2024\/12\/2023-01-08_144732_0107_X1600-900x506.jpg 900w, https:\/\/stephantroesch.ch\/wp-content\/uploads\/2024\/12\/2023-01-08_144732_0107_X1600-768x432.jpg 768w, https:\/\/stephantroesch.ch\/wp-content\/uploads\/2024\/12\/2023-01-08_144732_0107_X1600-1536x864.jpg 1536w, https:\/\/stephantroesch.ch\/wp-content\/uploads\/2024\/12\/2023-01-08_144732_0107_X1600-1116x628.jpg 1116w, https:\/\/stephantroesch.ch\/wp-content\/uploads\/2024\/12\/2023-01-08_144732_0107_X1600-806x453.jpg 806w, https:\/\/stephantroesch.ch\/wp-content\/uploads\/2024\/12\/2023-01-08_144732_0107_X1600-558x314.jpg 558w, https:\/\/stephantroesch.ch\/wp-content\/uploads\/2024\/12\/2023-01-08_144732_0107_X1600-655x368.jpg 655w, https:\/\/stephantroesch.ch\/wp-content\/uploads\/2024\/12\/2023-01-08_144732_0107_X1600-600x338.jpg 600w\" sizes=\"auto, (max-width: 945px) 100vw, 945px\" \/>\t\t<\/div>\r\n<!--  -->\r\n[\/vc_column][vc_column width=&#187;1\/3&#8243;][vc_column_text css=&#187;&#187;]<\/p>\n<h3><strong>Entdecke die Unterschiede<\/strong> zwischen einer Lachm\u00f6we im 1. Winter und einer Sturmm\u00f6we im 1. Winter<\/h3>\n<p>Den Slider hin und her bewegen . . .[\/vc_column_text][\/vc_column][\/vc_row][vc_row][vc_column][vc_separator][\/vc_column][\/vc_row][vc_row][vc_column][vc_column_text css=&#187;&#187;]<\/p>\n<pre>Teste Deine M\u00f6wenkenntnisse: \u2192 <a href=\"https:\/\/stephantroesch.ch\/index.php\/swissgulls\/test-und-uebungen-moewenbestimmung\/\">Test und \u00dcbungen M\u00f6wenkenntnisse<\/a><\/pre>\n<p>[\/vc_column_text][\/vc_column][\/vc_row]<\/p>\n<\/div>","protected":false},"excerpt":{"rendered":"<p>[vc_row][vc_column][vc_column_text css=&#187;&#187;] M\u00f6wenarten: \u2192 Lachm\u00f6we \u2192 Sturmm\u00f6we \u2192 Schwarzkopfm\u00f6we \u2192 Mittelmeerm\u00f6we \u2192 Steppenm\u00f6we \u2192 Silberm\u00f6we \u2192 Heringsm\u00f6we Bestimmungshilfen: \u2192 Gefieder-Topografie einer Grossm\u00f6we | Die Mauser der M\u00f6wen [\/vc_column_text][\/vc_column][\/vc_row][vc_row][vc_column width=&#187;1\/2&#8243;][vc_column_text css=&#187;&#187;] Lachm\u00f6we Chroicocephalus ridibundus | Black-headed Gull Status und Ph\u00e4nologie Schweiz Lokal br\u00fctender Jahresvogel mit 560-800 Brutpaaren regelm\u00e4ssiger, h\u00e4ufiger Durchz\u00fcgler und Wintergast Status Rote Liste: stark&hellip;<\/p>\n","protected":false},"author":1,"featured_media":5219,"parent":7412,"menu_order":0,"comment_status":"closed","ping_status":"closed","template":"","meta":{"_acf_changed":false,"footnotes":""},"class_list":["post-7701","page","type-page","status-publish","has-post-thumbnail","hentry"],"acf":[],"_links":{"self":[{"href":"https:\/\/stephantroesch.ch\/index.php\/wp-json\/wp\/v2\/pages\/7701","targetHints":{"allow":["GET"]}}],"collection":[{"href":"https:\/\/stephantroesch.ch\/index.php\/wp-json\/wp\/v2\/pages"}],"about":[{"href":"https:\/\/stephantroesch.ch\/index.php\/wp-json\/wp\/v2\/types\/page"}],"author":[{"embeddable":true,"href":"https:\/\/stephantroesch.ch\/index.php\/wp-json\/wp\/v2\/users\/1"}],"replies":[{"embeddable":true,"href":"https:\/\/stephantroesch.ch\/index.php\/wp-json\/wp\/v2\/comments?post=7701"}],"version-history":[{"count":28,"href":"https:\/\/stephantroesch.ch\/index.php\/wp-json\/wp\/v2\/pages\/7701\/revisions"}],"predecessor-version":[{"id":8209,"href":"https:\/\/stephantroesch.ch\/index.php\/wp-json\/wp\/v2\/pages\/7701\/revisions\/8209"}],"up":[{"embeddable":true,"href":"https:\/\/stephantroesch.ch\/index.php\/wp-json\/wp\/v2\/pages\/7412"}],"wp:featuredmedia":[{"embeddable":true,"href":"https:\/\/stephantroesch.ch\/index.php\/wp-json\/wp\/v2\/media\/5219"}],"wp:attachment":[{"href":"https:\/\/stephantroesch.ch\/index.php\/wp-json\/wp\/v2\/media?parent=7701"}],"curies":[{"name":"wp","href":"https:\/\/api.w.org\/{rel}","templated":true}]}}